{"id":13124,"date":"2021-09-29T08:46:47","date_gmt":"2021-09-29T12:46:47","guid":{"rendered":"https:\/\/relais-communautaire.org\/page\/?page_id=13124"},"modified":"2026-03-10T16:33:57","modified_gmt":"2026-03-10T20:33:57","slug":"un-habit-pour-un-ami","status":"publish","type":"page","link":"https:\/\/relais-communautaire.org\/page\/un-habit-pour-un-ami\/","title":{"rendered":"Un habit pour un ami"},"content":{"rendered":"<div class=\"vc_row wpb_row vc_row-fluid\"><div class=\"wpb_column vc_column_container vc_col-sm-12\"><div class=\"vc_column-inner \"><div class=\"wpb_wrapper\">\n\t<div class=\"wpb_video_widget wpb_content_element vc_clearfix   vc_video-aspect-ratio-169 vc_video-el-width-60 vc_video-align-center\" >\n\t\t<div class=\"wpb_wrapper\">\n\t\t\t\n\t\t\t<div class=\"wpb_video_wrapper\"><iframe loading=\"lazy\" title=\"\u2744\ufe0f Un habit pour un ami \u2013 Hiver 2025-2026 \u2744\ufe0f\" width=\"1170\" height=\"658\" src=\"https:\/\/www.youtube.com\/embed\/vLR_yCSO6bo?feature=oembed\" frameborder=\"0\" allow=\"accelerometer; autoplay; clipboard-write; encrypted-media; gyroscope; picture-in-picture; web-share\" referrerpolicy=\"strict-origin-when-cross-origin\" allowfullscreen><\/iframe><\/div>\n\t\t<\/div>\n\t<\/div>\n\n\t<div  class=\"wpb_single_image wpb_content_element vc_align_center\">\n\t\t\n\t\t<figure class=\"wpb_wrapper vc_figure\">\n\t\t\t<div class=\"vc_single_image-wrapper   vc_box_border_grey\"><img loading=\"lazy\" decoding=\"async\" width=\"1500\" height=\"350\" src=\"https:\/\/relais-communautaire.org\/page\/wp-content\/uploads\/2024\/10\/En-tete-UHPU-2024-2025-web-3.png\" class=\"vc_single_image-img attachment-full\" alt=\"\" srcset=\"https:\/\/relais-communautaire.org\/page\/wp-content\/uploads\/2024\/10\/En-tete-UHPU-2024-2025-web-3.png 1500w, https:\/\/relais-communautaire.org\/page\/wp-content\/uploads\/2024\/10\/En-tete-UHPU-2024-2025-web-3-300x70.png 300w, https:\/\/relais-communautaire.org\/page\/wp-content\/uploads\/2024\/10\/En-tete-UHPU-2024-2025-web-3-1024x239.png 1024w, https:\/\/relais-communautaire.org\/page\/wp-content\/uploads\/2024\/10\/En-tete-UHPU-2024-2025-web-3-768x179.png 768w\" sizes=\"auto, (max-width: 1500px) 100vw, 1500px\" \/><\/div>\n\t\t<\/figure>\n\t<\/div>\n<\/div><\/div><\/div><\/div><div class=\"vc_row wpb_row vc_row-fluid\"><div class=\"wpb_column vc_column_container vc_col-sm-6\"><div class=\"vc_column-inner \"><div class=\"wpb_wrapper\">\n\t<div  class=\"wpb_single_image wpb_content_element vc_align_left\">\n\t\t\n\t\t<figure class=\"wpb_wrapper vc_figure\">\n\t\t\t<div class=\"vc_single_image-wrapper   vc_box_border_grey\"><img loading=\"lazy\" decoding=\"async\" width=\"675\" height=\"1024\" src=\"https:\/\/relais-communautaire.org\/page\/wp-content\/uploads\/2026\/03\/Un-habit-pour-un-ami-mars-2026-courriel-675x1024.png\" class=\"vc_single_image-img attachment-large\" alt=\"\" srcset=\"https:\/\/relais-communautaire.org\/page\/wp-content\/uploads\/2026\/03\/Un-habit-pour-un-ami-mars-2026-courriel-675x1024.png 675w, https:\/\/relais-communautaire.org\/page\/wp-content\/uploads\/2026\/03\/Un-habit-pour-un-ami-mars-2026-courriel-198x300.png 198w, https:\/\/relais-communautaire.org\/page\/wp-content\/uploads\/2026\/03\/Un-habit-pour-un-ami-mars-2026-courriel-768x1165.png 768w, https:\/\/relais-communautaire.org\/page\/wp-content\/uploads\/2026\/03\/Un-habit-pour-un-ami-mars-2026-courriel-1012x1536.png 1012w, https:\/\/relais-communautaire.org\/page\/wp-content\/uploads\/2026\/03\/Un-habit-pour-un-ami-mars-2026-courriel.png 1318w\" sizes=\"auto, (max-width: 675px) 100vw, 675px\" \/><\/div>\n\t\t<\/figure>\n\t<\/div>\n<\/div><\/div><\/div><div class=\"wpb_column vc_column_container vc_col-sm-6\"><div class=\"vc_column-inner \"><div class=\"wpb_wrapper\">\n\t<div class=\"wpb_text_column wpb_content_element \" >\n\t\t<div class=\"wpb_wrapper\">\n\t\t\t<h2>Un habit pour un ami : habillons Laval pour l&#8217;hiver !<\/h2>\n<h4>7\u00e8me \u00e9dition<\/h4>\n<h4 class=\"x_elementToProof\"><b>C\u2019est reparti pour une nouvelle ann\u00e9e de solidarit\u00e9 !<\/b><\/h4>\n<div id=\"x_Signature\" class=\"x_elementToProof\" data-lt-sig-active=\"\"><\/div>\n<p>Le Relais communautaire de Laval organise chaque ann\u00e9e la grande collecte d&#8217;hiver \u00ab <strong>Un habit pour un ami<\/strong> \u00bb avec le soutien de la Ville de Laval, du Centre de services scolaire de Laval et du Rendez-vous des A\u00een\u00e9s. Ensemble, nous pouvons transformer l&#8217;hiver gr\u00e2ce \u00e0 vos dons !<\/p>\n<p>Le triage sera effectu\u00e9 par des \u00e9l\u00e8ves du Parcours de formation ax\u00e9e sur l\u2019emploi (PFAE) de l\u2019\u00e9cole secondaire Horizon Jeunesse et des b\u00e9n\u00e9voles du Rendez-vous des a\u00een\u00e9s de Laval assureront la r\u00e9paration des v\u00eatements n\u00e9cessitant quelques retouches.<\/p>\n<p><strong>Cette campagne est \u00e0 la recherche des articles pour enfants et adultes :<\/strong><\/p>\n<ul>\n<li><strong>Habits de neige<\/strong><\/li>\n<li><strong>Manteaux<\/strong><\/li>\n<li><strong>Bottes d\u2019hiver<\/strong><\/li>\n<li><strong>Accessoires (mitaines, gants, tuques, cache-cous et foulards).<\/strong><\/li>\n<\/ul>\n<p><strong>Voici comment \u00e7a fonctionne :<\/strong><\/p>\n<ol>\n<li>D\u00e9posez vos v\u00eatements d\u2019hiver aux points de collecte (consultez notre carte interactive pour les localiser).<\/li>\n<li>Nos b\u00e9n\u00e9voles trient, r\u00e9parent et pr\u00e9parent chaque article avec soin.<\/li>\n<li>Nous distribuons les v\u00eatements aux familles dans le besoin tout au long de l\u2019hiver.<\/li>\n<\/ol>\n<p>Nous souhaitons, chaque ann\u00e9e, \u00e9largir la collecte afin de pouvoir r\u00e9pondre aux besoins d\u2019un plus grand nombre de familles lavalloises.<\/p>\n\n\t\t<\/div>\n\t<\/div>\n<\/div><\/div><\/div><\/div><div class=\"vc_row wpb_row vc_row-fluid\"><div class=\"wpb_column vc_column_container vc_col-sm-2\"><div class=\"vc_column-inner \"><div class=\"wpb_wrapper\"><\/div><\/div><\/div><div class=\"wpb_column vc_column_container vc_col-sm-8\"><div class=\"vc_column-inner \"><div class=\"wpb_wrapper\"><div class=\"vc_message_box vc_message_box-standard vc_message_box-rounded vc_color-info\" ><div class=\"vc_message_box-icon\"><i class=\"fas fa-info-circle\"><\/i><\/div><p style=\"text-align: center;\">Pour toutes questions en lien avec le projet :<\/p>\n<p style=\"text-align: center;\">Relais communautaire de Laval au 514-647-8727<\/p>\n<p style=\"text-align: center;\">Courriel :<strong> aramos@relais-communautaire.org<\/strong><\/p>\n<\/div><\/div><\/div><\/div><div class=\"wpb_column vc_column_container vc_col-sm-2\"><div class=\"vc_column-inner \"><div class=\"wpb_wrapper\"><\/div><\/div><\/div><\/div><div class=\"vc_row wpb_row vc_row-fluid\"><div class=\"wpb_column vc_column_container vc_col-sm-12\"><div class=\"vc_column-inner \"><div class=\"wpb_wrapper\"><div id=\"ts-vcsc-textillate-1238801\" class=\"ts-textillate   \" data-loop=\"false\" data-delay=\"100\" data-in-effect=\"ts-composer-css-fadeInRightBig\" data-in-sync=\"false\" data-in-shuffle=\"false\" data-in-reverse=\"false\"  style=\"color: #4120d6 !important; font-size: 36px; line-height: 36px; font-weight: inherit; text-align: left; margin-top: 0px; margin-bottom: 0px;\">Points de collecte<\/div><\/div><\/div><\/div><\/div><div class=\"vc_row wpb_row vc_row-fluid\"><div class=\"wpb_column vc_column_container vc_col-sm-12\"><div class=\"vc_column-inner \"><div class=\"wpb_wrapper\"><div class=\"wpb_gmaps_widget wpb_content_element\"><div class=\"wpb_wrapper\"><div class=\"wpb_map_wraper\"><iframe loading=\"lazy\" src=\"https:\/\/www.google.com\/maps\/d\/u\/0\/embed?mid=1RqHG1NQUv4bmEFjkFajnDVfGgVrjdwGs&ehbc=2E312F\" width=\"640\" height=\"480\"><\/iframe><\/div><\/div><\/div><\/div><\/div><\/div><\/div><div class=\"vc_row wpb_row vc_row-fluid\"><div class=\"wpb_column vc_column_container vc_col-sm-12\"><div class=\"vc_column-inner \"><div class=\"wpb_wrapper\"><h2 id=\"uvc-type-wrap-3126\"  data-ultimate-target='#uvc-type-wrap-3126'  data-responsive-json-new='{\"font-size\":\"\",\"line-height\":\"\"}'  class=\"uvc-type-wrap  ult-adjust-bottom-margin ult-responsive  uvc-type-align-center uvc-type-no-prefix uvc-wrap-148922667169f39254358bb\" style=\"text-align:center;\"><span id=\"typed-148922667169f39254358bb\" class=\"ultimate-typed-main \" style=\"color:#2546ea; font-weight:bold; text-transform: unset;\"><\/span><script type=\"text\/javascript\"> \n\t\t\t\t\t\tjQuery(function($){ \n\t\t\t\t\t\t\t$(document).ready(function(){\n\t\t\t\t\t\t\t\tif( typeof jQuery(\"#typed-148922667169f39254358bb\").typed == \"function\"){\n\t\t\t\t\t\t\t\t\t$(\"#typed-148922667169f39254358bb\").typed({\n\t\t\t\t\t\t\t\t\t\tstrings: [\"Merci pour votre g\u00e9n\u00e9rosit\u00e9 encore une fois cette ann\u00e9e !\"],\n\t\t\t\t\t\t\t\t\t\ttypeSpeed: 35,\n\t\t\t\t\t\t\t\t\t\tbackSpeed: 0,\n\t\t\t\t\t\t\t\t\t\tstartDelay: 200,\n\t\t\t\t\t\t\t\t\t\tbackDelay: 1500,\n\t\t\t\t\t\t\t\t\t\tloop: true,\n\t\t\t\t\t\t\t\t\t\tloopCount: false,\n\t\t\t\t\t\t\t\t\t\tshowCursor: true,\n\t\t\t\t\t\t\t\t\t\tcursorChar: \"|\",\n\t\t\t\t\t\t\t\t\t\tattr: null\n\t\t\t\t\t\t\t\t\t});\n\t\t\t\t\t\t\t\t}\n\t\t\t\t\t\t\t});\n\t\t\t\t\t\t});\n\t\t\t\t\t<\/script><\/h2><\/div><\/div><\/div><\/div><div class=\"vc_row wpb_row vc_row-fluid\"><div class=\"wpb_column vc_column_container vc_col-sm-12\"><div class=\"vc_column-inner \"><div class=\"wpb_wrapper\"><div class=\"vc_separator wpb_content_element vc_separator_align_center vc_sep_width_100 vc_sep_dashed vc_sep_pos_align_center vc_sep_color_grey vc_separator-has-text\" ><span class=\"vc_sep_holder vc_sep_holder_l\"><span  class=\"vc_sep_line\"><\/span><\/span><div class=\"vc_icon_element vc_icon_element-outer vc_icon_element-align-left\"><div class=\"vc_icon_element-inner vc_icon_element-color-blue vc_icon_element-size-md vc_icon_element-style- vc_icon_element-background-color-grey\" ><span class=\"vc_icon_element-icon fas fa-globe\" ><\/span><\/div><\/div><h4>English to follow<\/h4><span class=\"vc_sep_holder vc_sep_holder_r\"><span  class=\"vc_sep_line\"><\/span><\/span>\n<\/div><\/div><\/div><\/div><\/div><div class=\"vc_row wpb_row vc_row-fluid\"><div class=\"wpb_column vc_column_container vc_col-sm-6\"><div class=\"vc_column-inner \"><div class=\"wpb_wrapper\">\n\t<div  class=\"wpb_single_image wpb_content_element vc_align_left\">\n\t\t\n\t\t<figure class=\"wpb_wrapper vc_figure\">\n\t\t\t<div class=\"vc_single_image-wrapper   vc_box_border_grey\"><img loading=\"lazy\" decoding=\"async\" width=\"675\" height=\"1024\" src=\"https:\/\/relais-communautaire.org\/page\/wp-content\/uploads\/2024\/11\/Poster-pour-web-unhabit-AN-675x1024.png\" class=\"vc_single_image-img attachment-large\" alt=\"\" srcset=\"https:\/\/relais-communautaire.org\/page\/wp-content\/uploads\/2024\/11\/Poster-pour-web-unhabit-AN-675x1024.png 675w, https:\/\/relais-communautaire.org\/page\/wp-content\/uploads\/2024\/11\/Poster-pour-web-unhabit-AN-198x300.png 198w, https:\/\/relais-communautaire.org\/page\/wp-content\/uploads\/2024\/11\/Poster-pour-web-unhabit-AN-768x1165.png 768w, https:\/\/relais-communautaire.org\/page\/wp-content\/uploads\/2024\/11\/Poster-pour-web-unhabit-AN-1012x1536.png 1012w, https:\/\/relais-communautaire.org\/page\/wp-content\/uploads\/2024\/11\/Poster-pour-web-unhabit-AN.png 1318w\" sizes=\"auto, (max-width: 675px) 100vw, 675px\" \/><\/div>\n\t\t<\/figure>\n\t<\/div>\n<\/div><\/div><\/div><div class=\"wpb_column vc_column_container vc_col-sm-6\"><div class=\"vc_column-inner \"><div class=\"wpb_wrapper\">\n\t<div class=\"wpb_text_column wpb_content_element \" >\n\t\t<div class=\"wpb_wrapper\">\n\t\t\t<h2><span data-olk-copy-source=\"MessageBody\">A coat for a friend:<\/span> : <span data-olk-copy-source=\"MessageBody\">Let\u2019s keep Laval warm for winter time !<\/span><\/h2>\n<h4>7th edition<\/h4>\n<h4 class=\"x_elementToProof\"><b><span data-olk-copy-source=\"MessageBody\">We\u2019re back for another year of community support and solidarity!<\/span><\/b><\/h4>\n<div id=\"x_Signature\" class=\"x_elementToProof\" data-lt-sig-active=\"\"><\/div>\n<p>Each year,\u00a0<i>Le Relais communautaire de Laval<\/i>\u00a0hosts the\u00a0<strong><i>A coat for a friend<\/i>\u00a0<\/strong>winter drive, with the support of the City of Laval, the Laval School Service Center, and Rendez-vous des A\u00een\u00e9s. Together, we can make winter warmer for everyone in need through your generous donations!<\/p>\n<p><span data-olk-copy-source=\"MessageBody\">Students from the Work-Oriented Training Pathway (WOTP) at Horizon Jeunesse High School will assist with sorting, and volunteers from Rendez-vous des A\u00een\u00e9s de Laval will help repair the items.<\/span><\/p>\n<p><strong><span data-olk-copy-source=\"MessageBody\">This year\u2019s campaign is seeking donations of the following items for both children and adults:<\/span><\/strong><\/p>\n<ul>\n<li><strong>Snowsuits<\/strong><\/li>\n<li><strong>Winter coats<\/strong><\/li>\n<li><strong>Winter boots<\/strong><\/li>\n<li><strong>Accessories (mittens, gloves, hats, neck warmers, and scarves)<\/strong><\/li>\n<\/ul>\n<p><strong><span data-olk-copy-source=\"MessageBody\">How it works:<\/span><\/strong><\/p>\n<ol>\n<li data-olk-copy-source=\"MessageBody\">Drop off your winter clothing at one of our collection points (see our interactive map to find a location near you).<\/li>\n<li>Our dedicated volunteers will carefully repair and sort each item.<\/li>\n<li>We will them distribute the clothing to families in need throughout the winter season.<\/li>\n<\/ol>\n<p><span data-olk-copy-source=\"MessageBody\">Each year, we aim to expand this effort to reach even more families across the city of Laval.<\/span><\/p>\n\n\t\t<\/div>\n\t<\/div>\n<\/div><\/div><\/div><\/div><div class=\"vc_row wpb_row vc_row-fluid\"><div class=\"wpb_column vc_column_container vc_col-sm-2\"><div class=\"vc_column-inner \"><div class=\"wpb_wrapper\"><\/div><\/div><\/div><div class=\"wpb_column vc_column_container vc_col-sm-8\"><div class=\"vc_column-inner \"><div class=\"wpb_wrapper\"><div class=\"vc_message_box vc_message_box-standard vc_message_box-rounded vc_color-info\" ><div class=\"vc_message_box-icon\"><i class=\"fas fa-info-circle\"><\/i><\/div><p style=\"text-align: center;\">For any questions related to the project, please contact :<\/p>\n<p style=\"text-align: center;\">Le Relais communautaire de Laval, at 514-647-8727<\/p>\n<p style=\"text-align: center;\">E-mail : <strong>aramos@relais-communautaire.org\u00a0<\/strong><\/p>\n<\/div><\/div><\/div><\/div><div class=\"wpb_column vc_column_container vc_col-sm-2\"><div class=\"vc_column-inner \"><div class=\"wpb_wrapper\"><\/div><\/div><\/div><\/div><div class=\"vc_row wpb_row vc_row-fluid\"><div class=\"wpb_column vc_column_container vc_col-sm-12\"><div class=\"vc_column-inner \"><div class=\"wpb_wrapper\"><div id=\"ts-vcsc-textillate-6782946\" class=\"ts-textillate   \" data-loop=\"false\" data-delay=\"100\" data-in-effect=\"ts-composer-css-fadeInRightBig\" data-in-sync=\"false\" data-in-shuffle=\"false\" data-in-reverse=\"false\"  style=\"color: #4120d6 !important; font-size: 36px; line-height: 36px; font-weight: inherit; text-align: left; margin-top: 0px; margin-bottom: 0px;\">Collection points<\/div><div class=\"wpb_gmaps_widget wpb_content_element\"><div class=\"wpb_wrapper\"><div class=\"wpb_map_wraper\"><iframe loading=\"lazy\" src=\"https:\/\/www.google.com\/maps\/d\/u\/0\/embed?mid=1RqHG1NQUv4bmEFjkFajnDVfGgVrjdwGs&ehbc=2E312F\" width=\"640\" height=\"480\"><\/iframe><\/div><\/div><\/div><\/div><\/div><\/div><\/div><div class=\"vc_row wpb_row vc_row-fluid\"><div class=\"wpb_column vc_column_container vc_col-sm-12\"><div class=\"vc_column-inner \"><div class=\"wpb_wrapper\"><h2 id=\"uvc-type-wrap-4907\"  data-ultimate-target='#uvc-type-wrap-4907'  data-responsive-json-new='{\"font-size\":\"\",\"line-height\":\"\"}'  class=\"uvc-type-wrap  ult-adjust-bottom-margin ult-responsive  uvc-type-align-center uvc-type-no-prefix uvc-wrap-144758852269f39254387c9\" style=\"text-align:center;\"><span id=\"typed-144758852269f39254387c9\" class=\"ultimate-typed-main \" style=\"color:#2546ea; font-weight:bold; text-transform: unset;\"><\/span><script type=\"text\/javascript\"> \n\t\t\t\t\t\tjQuery(function($){ \n\t\t\t\t\t\t\t$(document).ready(function(){\n\t\t\t\t\t\t\t\tif( typeof jQuery(\"#typed-144758852269f39254387c9\").typed == \"function\"){\n\t\t\t\t\t\t\t\t\t$(\"#typed-144758852269f39254387c9\").typed({\n\t\t\t\t\t\t\t\t\t\tstrings: [\"Thank you for your generosity once again this year!\"],\n\t\t\t\t\t\t\t\t\t\ttypeSpeed: 35,\n\t\t\t\t\t\t\t\t\t\tbackSpeed: 0,\n\t\t\t\t\t\t\t\t\t\tstartDelay: 200,\n\t\t\t\t\t\t\t\t\t\tbackDelay: 1500,\n\t\t\t\t\t\t\t\t\t\tloop: true,\n\t\t\t\t\t\t\t\t\t\tloopCount: false,\n\t\t\t\t\t\t\t\t\t\tshowCursor: true,\n\t\t\t\t\t\t\t\t\t\tcursorChar: \"|\",\n\t\t\t\t\t\t\t\t\t\tattr: null\n\t\t\t\t\t\t\t\t\t});\n\t\t\t\t\t\t\t\t}\n\t\t\t\t\t\t\t});\n\t\t\t\t\t\t});\n\t\t\t\t\t<\/script><\/h2><\/div><\/div><\/div><\/div><div class=\"vc_row wpb_row vc_row-fluid\"><div class=\"wpb_column vc_column_container vc_col-sm-12\"><div class=\"vc_column-inner \"><div class=\"wpb_wrapper\"><div class=\"vc_separator wpb_content_element vc_separator_align_center vc_sep_width_100 vc_sep_pos_align_center vc_sep_color_grey vc_separator-has-text\" ><span class=\"vc_sep_holder vc_sep_holder_l\"><span  class=\"vc_sep_line\"><\/span><\/span><div class=\"vc_icon_element vc_icon_element-outer vc_icon_element-align-left\"><div class=\"vc_icon_element-inner vc_icon_element-color-blue vc_icon_element-size-md vc_icon_element-style- vc_icon_element-background-color-grey\" ><span class=\"vc_icon_element-icon fas fa-arrow-circle-right\" ><\/span><\/div><\/div><h4>\u00c9ditions ant\u00e9rieures \/ Previous editions<\/h4><span class=\"vc_sep_holder vc_sep_holder_r\"><span  class=\"vc_sep_line\"><\/span><\/span>\n<\/div><\/div><\/div><\/div><\/div><div class=\"vc_row wpb_row vc_row-fluid\"><div class=\"wpb_column vc_column_container vc_col-sm-6\"><div class=\"vc_column-inner \"><div class=\"wpb_wrapper\">\n\t<div class=\"wpb_video_widget wpb_content_element vc_clearfix   vc_video-aspect-ratio-169 vc_video-el-width-100 vc_video-align-left\" >\n\t\t<div class=\"wpb_wrapper\">\n\t\t\t\n\t\t\t<div class=\"wpb_video_wrapper\"><iframe loading=\"lazy\" title=\"Un habit pour un ami * \u00c9dition 2021-2022\" width=\"1170\" height=\"658\" src=\"https:\/\/www.youtube.com\/embed\/w13DLbBj01M?list=PLKuYgUGGB1xaE_gnPCGQ2sKPZuxgTCCHM\" frameborder=\"0\" allow=\"accelerometer; autoplay; clipboard-write; encrypted-media; gyroscope; picture-in-picture\" allowfullscreen><\/iframe><\/div>\n\t\t<\/div>\n\t<\/div>\n<\/div><\/div><\/div><div class=\"wpb_column vc_column_container vc_col-sm-6\"><div class=\"vc_column-inner \"><div class=\"wpb_wrapper\">\n\t<div class=\"wpb_video_widget wpb_content_element vc_clearfix   vc_video-aspect-ratio-169 vc_video-el-width-100 vc_video-align-left\" >\n\t\t<div class=\"wpb_wrapper\">\n\t\t\t\n\t\t\t<div class=\"wpb_video_wrapper\"><iframe loading=\"lazy\" title=\"Un habit pour un ami 2020-2021\" width=\"1170\" height=\"658\" src=\"https:\/\/www.youtube.com\/embed\/CuptE2IVvAs?start=1&feature=oembed\" frameborder=\"0\" allow=\"accelerometer; autoplay; clipboard-write; encrypted-media; gyroscope; picture-in-picture\" allowfullscreen><\/iframe><\/div>\n\t\t<\/div>\n\t<\/div>\n<\/div><\/div><\/div><\/div>\n","protected":false},"excerpt":{"rendered":"Un habit pour un ami : habillons Laval pour l'hiver ! 7\u00e8me \u00e9dition C\u2019est reparti pour une nouvelle ann\u00e9e de solidarit\u00e9 ! Le Relais communautaire de Laval organise chaque ann\u00e9e [...]","protected":false},"author":3,"featured_media":0,"parent":0,"menu_order":0,"comment_status":"closed","ping_status":"closed","template":"","meta":{"footnotes":""},"class_list":["post-13124","page","type-page","status-publish","hentry"],"jetpack_sharing_enabled":true,"_links":{"self":[{"href":"https:\/\/relais-communautaire.org\/page\/wp-json\/wp\/v2\/pages\/13124","targetHints":{"allow":["GET"]}}],"collection":[{"href":"https:\/\/relais-communautaire.org\/page\/wp-json\/wp\/v2\/pages"}],"about":[{"href":"https:\/\/relais-communautaire.org\/page\/wp-json\/wp\/v2\/types\/page"}],"author":[{"embeddable":true,"href":"https:\/\/relais-communautaire.org\/page\/wp-json\/wp\/v2\/users\/3"}],"replies":[{"embeddable":true,"href":"https:\/\/relais-communautaire.org\/page\/wp-json\/wp\/v2\/comments?post=13124"}],"version-history":[{"count":34,"href":"https:\/\/relais-communautaire.org\/page\/wp-json\/wp\/v2\/pages\/13124\/revisions"}],"predecessor-version":[{"id":14625,"href":"https:\/\/relais-communautaire.org\/page\/wp-json\/wp\/v2\/pages\/13124\/revisions\/14625"}],"wp:attachment":[{"href":"https:\/\/relais-communautaire.org\/page\/wp-json\/wp\/v2\/media?parent=13124"}],"curies":[{"name":"wp","href":"https:\/\/api.w.org\/{rel}","templated":true}]}}